{"id":27,"date":"2018-11-16T07:18:00","date_gmt":"2018-11-16T07:18:00","guid":{"rendered":"http:\/\/fahrradverleih-brigitte.de\/?page_id=27"},"modified":"2023-10-31T12:16:17","modified_gmt":"2023-10-31T11:16:17","slug":"galerie","status":"publish","type":"page","link":"https:\/\/fahrradverleih-brigitte.de\/?page_id=27","title":{"rendered":"Galerie"},"content":{"rendered":"\n<h1 class=\"wp-block-heading\">Fahrradverleih Brigitte Bad F\u00fcssing<\/h1>\n\n\n\n<h3 class=\"wp-block-heading\">Hier finden Sie einen kleinen \u00dcberblick der von uns angebotenen R\u00e4der\/Doppelfahrr\u00e4der<\/h3>\n\n\n\n<div class=\"wp-block-columns is-layout-flex wp-container-core-columns-is-layout-9d6595d7 wp-block-columns-is-layout-flex\">\n<div class=\"wp-block-column is-layout-flow wp-block-column-is-layout-flow\"><div class=\"wp-block-image\">\n<figure class=\"aligncenter size-large\"><a href=\"http:\/\/fahrradverleih-brigitte.de\/?page_id=56\"><img loading=\"lazy\" decoding=\"async\" width=\"800\" height=\"532\" src=\"http:\/\/fahrradverleih-brigitte.de\/wp-content\/uploads\/2018\/11\/DSC_0589.jpg\" alt=\"\" class=\"wp-image-72\" srcset=\"https:\/\/fahrradverleih-brigitte.de\/wp-content\/uploads\/2018\/11\/DSC_0589.jpg 800w, https:\/\/fahrradverleih-brigitte.de\/wp-content\/uploads\/2018\/11\/DSC_0589-300x200.jpg 300w, https:\/\/fahrradverleih-brigitte.de\/wp-content\/uploads\/2018\/11\/DSC_0589-768x511.jpg 768w\" sizes=\"auto, (max-width: 767px) 89vw, (max-width: 1000px) 54vw, (max-width: 1071px) 543px, 580px\" \/><\/a><figcaption class=\"wp-element-caption\">Fahrradverleih<\/figcaption><\/figure>\n<\/div><\/div>\n\n\n\n<div class=\"wp-block-column is-layout-flow wp-block-column-is-layout-flow\"><div class=\"wp-block-image\">\n<figure class=\"aligncenter size-large\"><a href=\"http:\/\/fahrradverleih-brigitte.de\/?page_id=58\"><img loading=\"lazy\" decoding=\"async\" width=\"800\" height=\"532\" src=\"http:\/\/fahrradverleih-brigitte.de\/wp-content\/uploads\/2018\/11\/DSC_0427.jpg\" alt=\"\" class=\"wp-image-67\" srcset=\"https:\/\/fahrradverleih-brigitte.de\/wp-content\/uploads\/2018\/11\/DSC_0427.jpg 800w, https:\/\/fahrradverleih-brigitte.de\/wp-content\/uploads\/2018\/11\/DSC_0427-300x200.jpg 300w, https:\/\/fahrradverleih-brigitte.de\/wp-content\/uploads\/2018\/11\/DSC_0427-768x511.jpg 768w\" sizes=\"auto, (max-width: 767px) 89vw, (max-width: 1000px) 54vw, (max-width: 1071px) 543px, 580px\" \/><\/a><figcaption class=\"wp-element-caption\">Doppelfahrr\u00e4der<\/figcaption><\/figure>\n<\/div><\/div>\n<\/div>\n\n\n\n<hr class=\"wp-block-separator has-alpha-channel-opacity\"\/>\n\n\n\n<h3 class=\"wp-block-heading\">Haben Sie Interesse an einem eigenen Doppelfahrrad? Ein Klick auf unten stehendes Bild f\u00fchrt Sie zu unserer Doppelfahrrad Fertigung.<\/h3>\n\n\n\n<figure class=\"wp-block-image size-full\"><a href=\"http:\/\/doppelfahrrad.info\/\"><img loading=\"lazy\" decoding=\"async\" width=\"800\" height=\"532\" src=\"http:\/\/fahrradverleih-brigitte.de\/wp-content\/uploads\/2018\/11\/DSC_0470.jpg\" alt=\"\" class=\"wp-image-65\" srcset=\"https:\/\/fahrradverleih-brigitte.de\/wp-content\/uploads\/2018\/11\/DSC_0470.jpg 800w, https:\/\/fahrradverleih-brigitte.de\/wp-content\/uploads\/2018\/11\/DSC_0470-300x200.jpg 300w, https:\/\/fahrradverleih-brigitte.de\/wp-content\/uploads\/2018\/11\/DSC_0470-768x511.jpg 768w\" sizes=\"auto, (max-width: 767px) 89vw, (max-width: 1000px) 54vw, (max-width: 1071px) 543px, 580px\" \/><\/a><figcaption class=\"wp-element-caption\">Doppelfahrrad Fertigung<\/figcaption><\/figure>\n\n\n\n<hr class=\"wp-block-separator has-css-opacity is-style-wide\"\/>\n\n\n<p style=\"text-align: center;\">Fahrrad-Doppelfahrradverleih Brigitte, Birkenallee 3, 94072 Bad F\u00fcssing Tel.<a href=\"tel: +49 8531 22915\"> +49 8531\/22915<\/a>, E-mail: <a href=\"mailto:info@fahrradverleih-brigitte.de\">info@fahrradverleih-brigitte.de<\/a><\/p>\n\n\n<p><\/p>\n","protected":false},"excerpt":{"rendered":"<p>Fahrradverleih Brigitte Bad F\u00fcssing Hier finden Sie einen kleinen \u00dcberblick der von uns angebotenen R\u00e4der\/Doppelfahrr\u00e4der Haben Sie Interesse an einem eigenen Doppelfahrrad? Ein Klick auf unten stehendes Bild f\u00fchrt Sie zu unserer Doppelfahrrad Fertigung. Fahrrad-Doppelfahrradverleih Brigitte, Birkenallee 3, 94072 Bad F\u00fcssing Tel. +49 8531\/22915, E-mail: info@fahrradverleih-brigitte.de<\/p>\n","protected":false},"author":1,"featured_media":0,"parent":0,"menu_order":0,"comment_status":"closed","ping_status":"closed","template":"","meta":{"_monsterinsights_skip_tracking":false,"_monsterinsights_sitenote_active":false,"_monsterinsights_sitenote_note":"","_monsterinsights_sitenote_category":0,"ngg_post_thumbnail":0,"footnotes":""},"class_list":["post-27","page","type-page","status-publish","hentry"],"yoast_head":"<!-- This site is optimized with the Yoast SEO plugin v27.4 - https:\/\/yoast.com\/product\/yoast-seo-wordpress\/ -->\n<title>Galerie - Fahrradverleih Brigitte<\/title>\n<meta name=\"robots\" content=\"index, follow, max-snippet:-1, max-image-preview:large, max-video-preview:-1\" \/>\n<link rel=\"canonical\" href=\"https:\/\/fahrradverleih-brigitte.de\/?page_id=27\" \/>\n<meta property=\"og:locale\" content=\"de_DE\" \/>\n<meta property=\"og:type\" content=\"article\" \/>\n<meta property=\"og:title\" content=\"Galerie - Fahrradverleih Brigitte\" \/>\n<meta property=\"og:description\" content=\"Fahrradverleih Brigitte Bad F\u00fcssing Hier finden Sie einen kleinen \u00dcberblick der von uns angebotenen R\u00e4der\/Doppelfahrr\u00e4der Haben Sie Interesse an einem eigenen Doppelfahrrad? Ein Klick auf unten stehendes Bild f\u00fchrt Sie zu unserer Doppelfahrrad Fertigung. Fahrrad-Doppelfahrradverleih Brigitte, Birkenallee 3, 94072 Bad F\u00fcssing Tel. +49 8531\/22915, E-mail: info@fahrradverleih-brigitte.de\" \/>\n<meta property=\"og:url\" content=\"https:\/\/fahrradverleih-brigitte.de\/?page_id=27\" \/>\n<meta property=\"og:site_name\" content=\"Fahrradverleih Brigitte\" \/>\n<meta property=\"article:modified_time\" content=\"2023-10-31T11:16:17+00:00\" \/>\n<meta property=\"og:image\" content=\"http:\/\/fahrradverleih-brigitte.de\/wp-content\/uploads\/2018\/11\/DSC_0589.jpg\" \/>\n<meta name=\"twitter:card\" content=\"summary_large_image\" \/>\n<meta name=\"twitter:label1\" content=\"Gesch\u00e4tzte Lesezeit\" \/>\n\t<meta name=\"twitter:data1\" content=\"1\u00a0Minute\" \/>\n<script type=\"application\/ld+json\" class=\"yoast-schema-graph\">{\"@context\":\"https:\\\/\\\/schema.org\",\"@graph\":[{\"@type\":\"WebPage\",\"@id\":\"https:\\\/\\\/fahrradverleih-brigitte.de\\\/?page_id=27\",\"url\":\"https:\\\/\\\/fahrradverleih-brigitte.de\\\/?page_id=27\",\"name\":\"Galerie - Fahrradverleih Brigitte\",\"isPartOf\":{\"@id\":\"https:\\\/\\\/fahrradverleih-brigitte.de\\\/#website\"},\"primaryImageOfPage\":{\"@id\":\"https:\\\/\\\/fahrradverleih-brigitte.de\\\/?page_id=27#primaryimage\"},\"image\":{\"@id\":\"https:\\\/\\\/fahrradverleih-brigitte.de\\\/?page_id=27#primaryimage\"},\"thumbnailUrl\":\"http:\\\/\\\/fahrradverleih-brigitte.de\\\/wp-content\\\/uploads\\\/2018\\\/11\\\/DSC_0589.jpg\",\"datePublished\":\"2018-11-16T07:18:00+00:00\",\"dateModified\":\"2023-10-31T11:16:17+00:00\",\"breadcrumb\":{\"@id\":\"https:\\\/\\\/fahrradverleih-brigitte.de\\\/?page_id=27#breadcrumb\"},\"inLanguage\":\"de\",\"potentialAction\":[{\"@type\":\"ReadAction\",\"target\":[\"https:\\\/\\\/fahrradverleih-brigitte.de\\\/?page_id=27\"]}]},{\"@type\":\"ImageObject\",\"inLanguage\":\"de\",\"@id\":\"https:\\\/\\\/fahrradverleih-brigitte.de\\\/?page_id=27#primaryimage\",\"url\":\"https:\\\/\\\/fahrradverleih-brigitte.de\\\/wp-content\\\/uploads\\\/2018\\\/11\\\/DSC_0589.jpg\",\"contentUrl\":\"https:\\\/\\\/fahrradverleih-brigitte.de\\\/wp-content\\\/uploads\\\/2018\\\/11\\\/DSC_0589.jpg\",\"width\":800,\"height\":532},{\"@type\":\"BreadcrumbList\",\"@id\":\"https:\\\/\\\/fahrradverleih-brigitte.de\\\/?page_id=27#breadcrumb\",\"itemListElement\":[{\"@type\":\"ListItem\",\"position\":1,\"name\":\"Startseite\",\"item\":\"https:\\\/\\\/fahrradverleih-brigitte.de\\\/\"},{\"@type\":\"ListItem\",\"position\":2,\"name\":\"Galerie\"}]},{\"@type\":\"WebSite\",\"@id\":\"https:\\\/\\\/fahrradverleih-brigitte.de\\\/#website\",\"url\":\"https:\\\/\\\/fahrradverleih-brigitte.de\\\/\",\"name\":\"Fahrradverleih Brigitte - Doppelfahrr\u00e4der - Fahrr\u00e4der zu g\u00fcnstigen Preisen mieten - Bau von individuellen Doppelfahrr\u00e4ndern\",\"description\":\"Fahrr\u00e4der, Doppelfahrr\u00e4der, E-Bikes Verleih\",\"publisher\":{\"@id\":\"https:\\\/\\\/fahrradverleih-brigitte.de\\\/#organization\"},\"potentialAction\":[{\"@type\":\"SearchAction\",\"target\":{\"@type\":\"EntryPoint\",\"urlTemplate\":\"https:\\\/\\\/fahrradverleih-brigitte.de\\\/?s={search_term_string}\"},\"query-input\":{\"@type\":\"PropertyValueSpecification\",\"valueRequired\":true,\"valueName\":\"search_term_string\"}}],\"inLanguage\":\"de\"},{\"@type\":\"Organization\",\"@id\":\"https:\\\/\\\/fahrradverleih-brigitte.de\\\/#organization\",\"name\":\"Fahrradverleih Brigitte - Doppelfahrr\u00e4der\",\"url\":\"https:\\\/\\\/fahrradverleih-brigitte.de\\\/\",\"logo\":{\"@type\":\"ImageObject\",\"inLanguage\":\"de\",\"@id\":\"https:\\\/\\\/fahrradverleih-brigitte.de\\\/#\\\/schema\\\/logo\\\/image\\\/\",\"url\":\"https:\\\/\\\/fahrradverleih-brigitte.de\\\/wp-content\\\/uploads\\\/2018\\\/11\\\/cropped-cropped-bicycle01_rosa.png\",\"contentUrl\":\"https:\\\/\\\/fahrradverleih-brigitte.de\\\/wp-content\\\/uploads\\\/2018\\\/11\\\/cropped-cropped-bicycle01_rosa.png\",\"width\":250,\"height\":250,\"caption\":\"Fahrradverleih Brigitte - Doppelfahrr\u00e4der\"},\"image\":{\"@id\":\"https:\\\/\\\/fahrradverleih-brigitte.de\\\/#\\\/schema\\\/logo\\\/image\\\/\"}}]}<\/script>\n<!-- \/ Yoast SEO plugin. -->","yoast_head_json":{"title":"Galerie - Fahrradverleih Brigitte","robots":{"index":"index","follow":"follow","max-snippet":"max-snippet:-1","max-image-preview":"max-image-preview:large","max-video-preview":"max-video-preview:-1"},"canonical":"https:\/\/fahrradverleih-brigitte.de\/?page_id=27","og_locale":"de_DE","og_type":"article","og_title":"Galerie - Fahrradverleih Brigitte","og_description":"Fahrradverleih Brigitte Bad F\u00fcssing Hier finden Sie einen kleinen \u00dcberblick der von uns angebotenen R\u00e4der\/Doppelfahrr\u00e4der Haben Sie Interesse an einem eigenen Doppelfahrrad? Ein Klick auf unten stehendes Bild f\u00fchrt Sie zu unserer Doppelfahrrad Fertigung. Fahrrad-Doppelfahrradverleih Brigitte, Birkenallee 3, 94072 Bad F\u00fcssing Tel. +49 8531\/22915, E-mail: info@fahrradverleih-brigitte.de","og_url":"https:\/\/fahrradverleih-brigitte.de\/?page_id=27","og_site_name":"Fahrradverleih Brigitte","article_modified_time":"2023-10-31T11:16:17+00:00","og_image":[{"url":"http:\/\/fahrradverleih-brigitte.de\/wp-content\/uploads\/2018\/11\/DSC_0589.jpg","type":"","width":"","height":""}],"twitter_card":"summary_large_image","twitter_misc":{"Gesch\u00e4tzte Lesezeit":"1\u00a0Minute"},"schema":{"@context":"https:\/\/schema.org","@graph":[{"@type":"WebPage","@id":"https:\/\/fahrradverleih-brigitte.de\/?page_id=27","url":"https:\/\/fahrradverleih-brigitte.de\/?page_id=27","name":"Galerie - Fahrradverleih Brigitte","isPartOf":{"@id":"https:\/\/fahrradverleih-brigitte.de\/#website"},"primaryImageOfPage":{"@id":"https:\/\/fahrradverleih-brigitte.de\/?page_id=27#primaryimage"},"image":{"@id":"https:\/\/fahrradverleih-brigitte.de\/?page_id=27#primaryimage"},"thumbnailUrl":"http:\/\/fahrradverleih-brigitte.de\/wp-content\/uploads\/2018\/11\/DSC_0589.jpg","datePublished":"2018-11-16T07:18:00+00:00","dateModified":"2023-10-31T11:16:17+00:00","breadcrumb":{"@id":"https:\/\/fahrradverleih-brigitte.de\/?page_id=27#breadcrumb"},"inLanguage":"de","potentialAction":[{"@type":"ReadAction","target":["https:\/\/fahrradverleih-brigitte.de\/?page_id=27"]}]},{"@type":"ImageObject","inLanguage":"de","@id":"https:\/\/fahrradverleih-brigitte.de\/?page_id=27#primaryimage","url":"https:\/\/fahrradverleih-brigitte.de\/wp-content\/uploads\/2018\/11\/DSC_0589.jpg","contentUrl":"https:\/\/fahrradverleih-brigitte.de\/wp-content\/uploads\/2018\/11\/DSC_0589.jpg","width":800,"height":532},{"@type":"BreadcrumbList","@id":"https:\/\/fahrradverleih-brigitte.de\/?page_id=27#breadcrumb","itemListElement":[{"@type":"ListItem","position":1,"name":"Startseite","item":"https:\/\/fahrradverleih-brigitte.de\/"},{"@type":"ListItem","position":2,"name":"Galerie"}]},{"@type":"WebSite","@id":"https:\/\/fahrradverleih-brigitte.de\/#website","url":"https:\/\/fahrradverleih-brigitte.de\/","name":"Fahrradverleih Brigitte - Doppelfahrr\u00e4der - Fahrr\u00e4der zu g\u00fcnstigen Preisen mieten - Bau von individuellen Doppelfahrr\u00e4ndern","description":"Fahrr\u00e4der, Doppelfahrr\u00e4der, E-Bikes Verleih","publisher":{"@id":"https:\/\/fahrradverleih-brigitte.de\/#organization"},"potentialAction":[{"@type":"SearchAction","target":{"@type":"EntryPoint","urlTemplate":"https:\/\/fahrradverleih-brigitte.de\/?s={search_term_string}"},"query-input":{"@type":"PropertyValueSpecification","valueRequired":true,"valueName":"search_term_string"}}],"inLanguage":"de"},{"@type":"Organization","@id":"https:\/\/fahrradverleih-brigitte.de\/#organization","name":"Fahrradverleih Brigitte - Doppelfahrr\u00e4der","url":"https:\/\/fahrradverleih-brigitte.de\/","logo":{"@type":"ImageObject","inLanguage":"de","@id":"https:\/\/fahrradverleih-brigitte.de\/#\/schema\/logo\/image\/","url":"https:\/\/fahrradverleih-brigitte.de\/wp-content\/uploads\/2018\/11\/cropped-cropped-bicycle01_rosa.png","contentUrl":"https:\/\/fahrradverleih-brigitte.de\/wp-content\/uploads\/2018\/11\/cropped-cropped-bicycle01_rosa.png","width":250,"height":250,"caption":"Fahrradverleih Brigitte - Doppelfahrr\u00e4der"},"image":{"@id":"https:\/\/fahrradverleih-brigitte.de\/#\/schema\/logo\/image\/"}}]}},"_links":{"self":[{"href":"https:\/\/fahrradverleih-brigitte.de\/index.php?rest_route=\/wp\/v2\/pages\/27","targetHints":{"allow":["GET"]}}],"collection":[{"href":"https:\/\/fahrradverleih-brigitte.de\/index.php?rest_route=\/wp\/v2\/pages"}],"about":[{"href":"https:\/\/fahrradverleih-brigitte.de\/index.php?rest_route=\/wp\/v2\/types\/page"}],"author":[{"embeddable":true,"href":"https:\/\/fahrradverleih-brigitte.de\/index.php?rest_route=\/wp\/v2\/users\/1"}],"replies":[{"embeddable":true,"href":"https:\/\/fahrradverleih-brigitte.de\/index.php?rest_route=%2Fwp%2Fv2%2Fcomments&post=27"}],"version-history":[{"count":22,"href":"https:\/\/fahrradverleih-brigitte.de\/index.php?rest_route=\/wp\/v2\/pages\/27\/revisions"}],"predecessor-version":[{"id":470,"href":"https:\/\/fahrradverleih-brigitte.de\/index.php?rest_route=\/wp\/v2\/pages\/27\/revisions\/470"}],"wp:attachment":[{"href":"https:\/\/fahrradverleih-brigitte.de\/index.php?rest_route=%2Fwp%2Fv2%2Fmedia&parent=27"}],"curies":[{"name":"wp","href":"https:\/\/api.w.org\/{rel}","templated":true}]}}